{"id":6333,"date":"2016-10-05T17:19:33","date_gmt":"2016-10-05T17:19:33","guid":{"rendered":"http:\/\/www.robert-kerr.com\/fr\/produit\/cravate-mauve-en-twill-de-soie-motifs-cachemire-trois-plis\/"},"modified":"2018-05-01T07:46:53","modified_gmt":"2018-05-01T07:46:53","slug":"cravate-mauve-en-twill-de-soie-motifs-cachemire-trois-plis","status":"publish","type":"product","link":"https:\/\/www.robert-kerr.com\/fr\/produit\/cravate-mauve-en-twill-de-soie-motifs-cachemire-trois-plis\/","title":{"rendered":"Cravate mauve en twill <br class=\"brreplace\">de soie motifs cachemire"},"content":{"rendered":"<p>148x8cm<br \/>\nDoubl\u00e9e dans le m\u00eame tissu<br \/>\nImprim\u00e9e en Italie<br \/>\nFil d&rsquo;aisance \u00e0 boucle<br \/>\nFinition piqure col<br \/>\nMouche de renfort brod\u00e9e \u00e0 la main<br \/>\nTriplure 100% laine<\/p>\n","protected":false},"excerpt":{"rendered":"<p>Trois plis<br \/>\n100% twill de soie<br \/>\nConfectionn\u00e9e \u00e0 la main \u00e0 Paris<\/p>\n","protected":false},"featured_media":6681,"comment_status":"closed","ping_status":"closed","template":"","meta":{"_acf_changed":false},"product_brand":[],"product_cat":[439,22],"product_tag":[],"class_list":{"0":"post-6333","1":"product","2":"type-product","3":"status-publish","4":"has-post-thumbnail","6":"product_cat-prix-de-saison","7":"product_cat-cravates","8":"pif-has-gallery","10":"first","11":"outofstock","12":"sale","13":"taxable","14":"shipping-taxable","15":"purchasable","16":"product-type-simple"},"acf":[],"yoast_head":"<!-- This site is optimized with the Yoast SEO plugin v25.4 - https:\/\/yoast.com\/wordpress\/plugins\/seo\/ -->\n<title>Cravate mauve en twill de soie motifs cachemire trois plis<\/title>\n<meta name=\"description\" content=\"148x8cm - 100% twill de soie - doubl\u00e9e dans le m\u00eame tissu - finition piqure col - enti\u00e8rement confectionn\u00e9e \u00e0 la main \u00e0 Paris\" \/>\n<meta name=\"robots\" content=\"index, follow, max-snippet:-1, max-image-preview:large, max-video-preview:-1\" \/>\n<link rel=\"canonical\" href=\"https:\/\/www.robert-kerr.com\/fr\/produit\/cravate-mauve-en-twill-de-soie-motifs-cachemire-trois-plis\/\" \/>\n<meta property=\"og:locale\" content=\"fr_FR\" \/>\n<meta property=\"og:type\" content=\"article\" \/>\n<meta property=\"og:title\" content=\"Cravate mauve en twill de soie motifs cachemire trois plis\" \/>\n<meta property=\"og:description\" content=\"148x8cm - 100% twill de soie - doubl\u00e9e dans le m\u00eame tissu - finition piqure col - enti\u00e8rement confectionn\u00e9e \u00e0 la main \u00e0 Paris\" \/>\n<meta property=\"og:url\" content=\"https:\/\/www.robert-kerr.com\/fr\/produit\/cravate-mauve-en-twill-de-soie-motifs-cachemire-trois-plis\/\" \/>\n<meta property=\"og:site_name\" content=\"Maison Robert Kerr\" \/>\n<meta property=\"article:modified_time\" content=\"2018-05-01T07:46:53+00:00\" \/>\n<meta property=\"og:image\" content=\"https:\/\/www.robert-kerr.com\/wp-content\/uploads\/2016\/10\/bb1305_-1.jpg\" \/>\n\t<meta property=\"og:image:width\" content=\"600\" \/>\n\t<meta property=\"og:image:height\" content=\"600\" \/>\n\t<meta property=\"og:image:type\" content=\"image\/jpeg\" \/>\n<meta name=\"twitter:card\" content=\"summary_large_image\" \/>\n<script type=\"application\/ld+json\" class=\"yoast-schema-graph\">{\"@context\":\"https:\/\/schema.org\",\"@graph\":[{\"@type\":\"WebPage\",\"@id\":\"https:\/\/www.robert-kerr.com\/fr\/produit\/cravate-mauve-en-twill-de-soie-motifs-cachemire-trois-plis\/\",\"url\":\"https:\/\/www.robert-kerr.com\/fr\/produit\/cravate-mauve-en-twill-de-soie-motifs-cachemire-trois-plis\/\",\"name\":\"Cravate mauve en twill de soie motifs cachemire trois plis\",\"isPartOf\":{\"@id\":\"https:\/\/www.robert-kerr.com\/fr\/#website\"},\"primaryImageOfPage\":{\"@id\":\"https:\/\/www.robert-kerr.com\/fr\/produit\/cravate-mauve-en-twill-de-soie-motifs-cachemire-trois-plis\/#primaryimage\"},\"image\":{\"@id\":\"https:\/\/www.robert-kerr.com\/fr\/produit\/cravate-mauve-en-twill-de-soie-motifs-cachemire-trois-plis\/#primaryimage\"},\"thumbnailUrl\":\"https:\/\/www.robert-kerr.com\/wp-content\/uploads\/2016\/10\/bb1305_-1.jpg\",\"datePublished\":\"2016-10-05T17:19:33+00:00\",\"dateModified\":\"2018-05-01T07:46:53+00:00\",\"description\":\"148x8cm - 100% twill de soie - doubl\u00e9e dans le m\u00eame tissu - finition piqure col - enti\u00e8rement confectionn\u00e9e \u00e0 la main \u00e0 Paris\",\"breadcrumb\":{\"@id\":\"https:\/\/www.robert-kerr.com\/fr\/produit\/cravate-mauve-en-twill-de-soie-motifs-cachemire-trois-plis\/#breadcrumb\"},\"inLanguage\":\"fr-FR\",\"potentialAction\":[{\"@type\":\"ReadAction\",\"target\":[\"https:\/\/www.robert-kerr.com\/fr\/produit\/cravate-mauve-en-twill-de-soie-motifs-cachemire-trois-plis\/\"]}]},{\"@type\":\"ImageObject\",\"inLanguage\":\"fr-FR\",\"@id\":\"https:\/\/www.robert-kerr.com\/fr\/produit\/cravate-mauve-en-twill-de-soie-motifs-cachemire-trois-plis\/#primaryimage\",\"url\":\"https:\/\/www.robert-kerr.com\/wp-content\/uploads\/2016\/10\/bb1305_-1.jpg\",\"contentUrl\":\"https:\/\/www.robert-kerr.com\/wp-content\/uploads\/2016\/10\/bb1305_-1.jpg\",\"width\":600,\"height\":600},{\"@type\":\"BreadcrumbList\",\"@id\":\"https:\/\/www.robert-kerr.com\/fr\/produit\/cravate-mauve-en-twill-de-soie-motifs-cachemire-trois-plis\/#breadcrumb\",\"itemListElement\":[{\"@type\":\"ListItem\",\"position\":1,\"name\":\"Accueil\",\"item\":\"https:\/\/www.robert-kerr.com\/fr\/\"},{\"@type\":\"ListItem\",\"position\":2,\"name\":\"Boutique\",\"item\":\"https:\/\/www.robert-kerr.com\/fr\/boutique\/\"},{\"@type\":\"ListItem\",\"position\":3,\"name\":\"Cravate mauve en twill de soie motifs cachemire\"}]},{\"@type\":\"WebSite\",\"@id\":\"https:\/\/www.robert-kerr.com\/fr\/#website\",\"url\":\"https:\/\/www.robert-kerr.com\/fr\/\",\"name\":\"Maison Robert Kerr\",\"description\":\"Talored clothing for men &amp; women since 1948\",\"potentialAction\":[{\"@type\":\"SearchAction\",\"target\":{\"@type\":\"EntryPoint\",\"urlTemplate\":\"https:\/\/www.robert-kerr.com\/fr\/?s={search_term_string}\"},\"query-input\":{\"@type\":\"PropertyValueSpecification\",\"valueRequired\":true,\"valueName\":\"search_term_string\"}}],\"inLanguage\":\"fr-FR\"}]}<\/script>\n<!-- \/ Yoast SEO plugin. -->","yoast_head_json":{"title":"Cravate mauve en twill de soie motifs cachemire trois plis","description":"148x8cm - 100% twill de soie - doubl\u00e9e dans le m\u00eame tissu - finition piqure col - enti\u00e8rement confectionn\u00e9e \u00e0 la main \u00e0 Paris","robots":{"index":"index","follow":"follow","max-snippet":"max-snippet:-1","max-image-preview":"max-image-preview:large","max-video-preview":"max-video-preview:-1"},"canonical":"https:\/\/www.robert-kerr.com\/fr\/produit\/cravate-mauve-en-twill-de-soie-motifs-cachemire-trois-plis\/","og_locale":"fr_FR","og_type":"article","og_title":"Cravate mauve en twill de soie motifs cachemire trois plis","og_description":"148x8cm - 100% twill de soie - doubl\u00e9e dans le m\u00eame tissu - finition piqure col - enti\u00e8rement confectionn\u00e9e \u00e0 la main \u00e0 Paris","og_url":"https:\/\/www.robert-kerr.com\/fr\/produit\/cravate-mauve-en-twill-de-soie-motifs-cachemire-trois-plis\/","og_site_name":"Maison Robert Kerr","article_modified_time":"2018-05-01T07:46:53+00:00","og_image":[{"width":600,"height":600,"url":"https:\/\/www.robert-kerr.com\/wp-content\/uploads\/2016\/10\/bb1305_-1.jpg","type":"image\/jpeg"}],"twitter_card":"summary_large_image","schema":{"@context":"https:\/\/schema.org","@graph":[{"@type":"WebPage","@id":"https:\/\/www.robert-kerr.com\/fr\/produit\/cravate-mauve-en-twill-de-soie-motifs-cachemire-trois-plis\/","url":"https:\/\/www.robert-kerr.com\/fr\/produit\/cravate-mauve-en-twill-de-soie-motifs-cachemire-trois-plis\/","name":"Cravate mauve en twill de soie motifs cachemire trois plis","isPartOf":{"@id":"https:\/\/www.robert-kerr.com\/fr\/#website"},"primaryImageOfPage":{"@id":"https:\/\/www.robert-kerr.com\/fr\/produit\/cravate-mauve-en-twill-de-soie-motifs-cachemire-trois-plis\/#primaryimage"},"image":{"@id":"https:\/\/www.robert-kerr.com\/fr\/produit\/cravate-mauve-en-twill-de-soie-motifs-cachemire-trois-plis\/#primaryimage"},"thumbnailUrl":"https:\/\/www.robert-kerr.com\/wp-content\/uploads\/2016\/10\/bb1305_-1.jpg","datePublished":"2016-10-05T17:19:33+00:00","dateModified":"2018-05-01T07:46:53+00:00","description":"148x8cm - 100% twill de soie - doubl\u00e9e dans le m\u00eame tissu - finition piqure col - enti\u00e8rement confectionn\u00e9e \u00e0 la main \u00e0 Paris","breadcrumb":{"@id":"https:\/\/www.robert-kerr.com\/fr\/produit\/cravate-mauve-en-twill-de-soie-motifs-cachemire-trois-plis\/#breadcrumb"},"inLanguage":"fr-FR","potentialAction":[{"@type":"ReadAction","target":["https:\/\/www.robert-kerr.com\/fr\/produit\/cravate-mauve-en-twill-de-soie-motifs-cachemire-trois-plis\/"]}]},{"@type":"ImageObject","inLanguage":"fr-FR","@id":"https:\/\/www.robert-kerr.com\/fr\/produit\/cravate-mauve-en-twill-de-soie-motifs-cachemire-trois-plis\/#primaryimage","url":"https:\/\/www.robert-kerr.com\/wp-content\/uploads\/2016\/10\/bb1305_-1.jpg","contentUrl":"https:\/\/www.robert-kerr.com\/wp-content\/uploads\/2016\/10\/bb1305_-1.jpg","width":600,"height":600},{"@type":"BreadcrumbList","@id":"https:\/\/www.robert-kerr.com\/fr\/produit\/cravate-mauve-en-twill-de-soie-motifs-cachemire-trois-plis\/#breadcrumb","itemListElement":[{"@type":"ListItem","position":1,"name":"Accueil","item":"https:\/\/www.robert-kerr.com\/fr\/"},{"@type":"ListItem","position":2,"name":"Boutique","item":"https:\/\/www.robert-kerr.com\/fr\/boutique\/"},{"@type":"ListItem","position":3,"name":"Cravate mauve en twill de soie motifs cachemire"}]},{"@type":"WebSite","@id":"https:\/\/www.robert-kerr.com\/fr\/#website","url":"https:\/\/www.robert-kerr.com\/fr\/","name":"Maison Robert Kerr","description":"Talored clothing for men &amp; women since 1948","potentialAction":[{"@type":"SearchAction","target":{"@type":"EntryPoint","urlTemplate":"https:\/\/www.robert-kerr.com\/fr\/?s={search_term_string}"},"query-input":{"@type":"PropertyValueSpecification","valueRequired":true,"valueName":"search_term_string"}}],"inLanguage":"fr-FR"}]}},"_links":{"self":[{"href":"https:\/\/www.robert-kerr.com\/fr\/wp-json\/wp\/v2\/product\/6333","targetHints":{"allow":["GET"]}}],"collection":[{"href":"https:\/\/www.robert-kerr.com\/fr\/wp-json\/wp\/v2\/product"}],"about":[{"href":"https:\/\/www.robert-kerr.com\/fr\/wp-json\/wp\/v2\/types\/product"}],"replies":[{"embeddable":true,"href":"https:\/\/www.robert-kerr.com\/fr\/wp-json\/wp\/v2\/comments?post=6333"}],"wp:featuredmedia":[{"embeddable":true,"href":"https:\/\/www.robert-kerr.com\/fr\/wp-json\/wp\/v2\/media\/6681"}],"wp:attachment":[{"href":"https:\/\/www.robert-kerr.com\/fr\/wp-json\/wp\/v2\/media?parent=6333"}],"wp:term":[{"taxonomy":"product_brand","embeddable":true,"href":"https:\/\/www.robert-kerr.com\/fr\/wp-json\/wp\/v2\/product_brand?post=6333"},{"taxonomy":"product_cat","embeddable":true,"href":"https:\/\/www.robert-kerr.com\/fr\/wp-json\/wp\/v2\/product_cat?post=6333"},{"taxonomy":"product_tag","embeddable":true,"href":"https:\/\/www.robert-kerr.com\/fr\/wp-json\/wp\/v2\/product_tag?post=6333"}],"curies":[{"name":"wp","href":"https:\/\/api.w.org\/{rel}","templated":true}]}}